{"id":1405,"date":"2021-03-07T14:28:24","date_gmt":"2021-03-07T13:28:24","guid":{"rendered":"https:\/\/psychologiedelasante.fr\/?page_id=1405"},"modified":"2026-02-09T22:01:10","modified_gmt":"2026-02-09T21:01:10","slug":"psychologie-psychotherapie","status":"publish","type":"page","link":"https:\/\/psychologiedelasante.fr\/index.php\/psychologie-psychotherapie\/","title":{"rendered":"Psychologie\/Psychoth\u00e9rapie"},"content":{"rendered":"<div id=\"pl-1405\"  class=\"panel-layout\" ><div id=\"pg-1405-0\"  class=\"panel-grid panel-no-style\" ><div id=\"pgc-1405-0-0\"  class=\"panel-grid-cell\" ><div id=\"panel-1405-0-0-0\" class=\"so-panel widget widget_sow-editor panel-first-child\" data-index=\"0\" ><div\n\t\t\t\n\t\t\tclass=\"so-widget-sow-editor so-widget-sow-editor-base\"\n\t\t\t\n\t\t>\n<div class=\"siteorigin-widget-tinymce textwidget\">\n\t<div id=\"panel-434-0-0-0\" class=\"so-panel widget widget_sow-editor panel-first-child\" data-index=\"0\">\n<div class=\"so-widget-sow-editor so-widget-sow-editor-base\">\n<div class=\"siteorigin-widget-tinymce textwidget\">\n<p>Tout au long de sa vie, l'\u00eatre humain traverse un certain nombre d'exp\u00e9riences. Certaines sont si bouleversantes qu'elles l'atteignent dans son fonctionnement physique et psychique, bloquant son processus naturel d'\u00e9volution.<\/p>\n<p>Suivre une psychoth\u00e9rapie, c'est vous accorder un temps privil\u00e9gi\u00e9 pour prendre soin de vous. Dans un cadre s\u00e9curisant, vous vous autorisez enfin \u00e0 \u00eatre vous-m\u00eame.<\/p>\n<p>Mieux vous conna\u00eetre en d\u00e9nouant les n\u0153uds du pass\u00e9 vous permet de vous reconnecter \u00e0 vos propres ressources, de faire la paix avec vous-m\u00eame pour profiter d'une vie pleine et riche de sens.<\/p>\n<h2><strong>Comment se d\u00e9roule la consultation ?<\/strong><\/h2>\n<p>La consultation s\u2019effectue sur rendez-vous.<\/p>\n<p>L'essentiel de l'accompagnement se fait par la parole, lors d'entretiens en face \u00e0 face. Une priorit\u00e9 est donn\u00e9e \u00e0 la verbalisation de vos \u00e9motions et des difficult\u00e9s que vous rencontrez actuellement ; des actions sont envisag\u00e9es conjointement pour mettre en place les changements que vous souhaitez dans votre vie.<\/p>\n<p>Ensemble, nous r\u00e9alisons un travail cognitif et corporel par la prise de conscience des pens\u00e9es, des \u00e9motions et du corps.<\/p>\n<h2><strong>Mon approche<\/strong><\/h2>\n<p>Mon approche puise dans le courant humaniste : ce mod\u00e8le psychoth\u00e9rapeutique s'appuie sur la conviction que chaque individu poss\u00e8de en lui une force de changement, un potentiel cr\u00e9ateur et une capacit\u00e9 \u00e0 faire des choix personnels, n\u00e9cessaires \u00e0 son autonomie. Il cherche \u00e0 mettre en valeur ce qu'il y a de beau, de bon et de vrai dans chaque individu.<\/p>\n<p>Soucieuse de conjuguer \u00e9coute bienveillante et rigueur scientifique, j\u2019int\u00e8gre dans ma d\u00e9marche des interventions d\u00e9montr\u00e9es efficaces et issues de la 3i\u00e8me vague des th\u00e9rapies cognitivo-comportementales (TCC), telles que <a href=\"https:\/\/psychologiedelasante.fr\/index.php\/pleine_conscience\/\">la m\u00e9ditation de pleine conscience<\/a> et des \u00e9l\u00e9ments issus de la th\u00e9rapie d\u2019acceptation et d\u2019engagement (ACT) notamment dans la gestion du stress, de l'anxi\u00e9t\u00e9 et de la douleur.<\/p>\n<p>Je respecte votre autonomie et vous re\u00e7ois dans le respect du secret professionnel. A ce titre, j'adh\u00e8re au code de d\u00e9ontologie des psychologues.<\/p>\n<p>Je suis enregistr\u00e9e au r\u00e9pertoire national d'identification des professionnels de sant\u00e9 ainsi qu'au registre des psychoth\u00e9rapeutes (r\u00e9pertoire ADELI) de l'Agence R\u00e9gionale de Sant\u00e9 (<a href=\"https:\/\/www.occitanie.ars.sante.fr\/\" target=\"_blank\" rel=\"noopener\">ARS<\/a>) d'Occitanie.<\/p>\n<h2><strong>Le tarif et la dur\u00e9e d'une consultation<\/strong><\/h2>\n<p>La consultation est au tarif de <strong>50 Euros<\/strong>. Elle se d\u00e9roule sur 50 minutes.<\/p>\n<p>De plus en plus de mutuelles remboursent une partie de la consultation. Pensez \u00e0 vous renseigner aupr\u00e8s de la votre pour en conna\u00eetre les modalit\u00e9s. En effet, les consultations des psychologues ne sont pas prises en charge par la S\u00e9curit\u00e9 Sociale.<\/p>\n<h2><strong>Pourquoi consulter une psychologue\u00a0 ?<\/strong><\/h2>\n<p>Vous pouvez avoir besoin de consulter une psychologue pour :<\/p>\n<p>- apprendre \u00e0 vous relaxer, \u00e0 g\u00e9rer la douleur, le stress et l'anxi\u00e9t\u00e9.<br \/>\n- identifier ce qui est difficile \u00e0 vivre pour vous en ce moment et mettre du sens \u00e0 ce que vous \u00eates en train de vivre.<br \/>\n- d\u00e9couvrir des outils pour mieux g\u00e9rer vos \u00e9motions et mieux communiquer.<br \/>\n- exprimer vos peurs, vos angoisses, vos doutes par rapport \u00e0 la maladie (la votre ou celle d'un proche).<br \/>\n- vivre au mieux les perturbations et les changements qu'implique la maladie dans votre quotidien.<br \/>\n- vous sentir soutenu dans l'adoption de comportements de sant\u00e9 sains et b\u00e9n\u00e9fiques \u00e0 votre bien-\u00eatre.<\/p>\n<h2><strong>Qui peut consulter ?<\/strong><\/h2>\n<p>Je re\u00e7ois en consultation individuelle les adultes et les s\u00e9niors. J'accompagne ainsi toute personne :<\/p>\n<p>- qui vit une situation difficile : un deuil, une maladie, un handicap, une d\u00e9pression, un stress, un burn-out...<br \/>\n- qui vit un changement (professionnel, retraite, divorce...).<br \/>\n- qui ressent le besoin d'\u00eatre \u00e9cout\u00e9e et de parler librement de ce qui la pr\u00e9occupe.<br \/>\n- souffrant de douleurs chroniques : migraine, c\u00e9phal\u00e9e, fibromyalgie, lombalgie, douleurs post-cancer...<br \/>\n- ainsi que les aidants naturels qui vivent et agissent dans l'entourage imm\u00e9diat d'une personne souffrante ou en perte d'autonomie (cancer, alzheimer...).<\/p>\n<p><strong>Contact :<\/strong><\/p>\n<p>Amandine BONNET<br \/>\n<a href=\"tel:+33651048322\">06.51.04.83.22<\/a><\/p>\n<\/div>\n<\/div>\n<\/div>\n<\/div>\n<\/div><\/div><div id=\"panel-1405-0-0-1\" class=\"so-panel widget widget_lawyer_zone_gallery\" data-index=\"1\" >            <section id=\"lawyer_zone_gallery-3\" class=\"at-widgets acme-gallery\">\r\n                <div class=\"full-width-container\">\r\n                    <div class='at-widget-title-wrapper'><h3 class=\"widget-title\">&#8211; Une approche psychoth\u00e9rapeutique int\u00e9grative &#8211;<\/h3><\/div>                        <div class=\"row fullwidth-row\">\r\n                                                                <div class=\"at-gallery-item  col-sm-4 col-md-4\">\r\n                                        <div class=\"gallery-inner-item init-animate zoomIn\">\r\n                                            <div class=\"at-bottom-lower\">\r\n                                                <h3>\r\n\t                                                <a href=\"https:\/\/psychologiedelasante.fr\/index.php\/therapies-de-pleine-conscience\/\" class=\"all-link\">Th\u00e9rapies de Pleine Conscience<\/a>                                                <\/h3>\r\n                                                                                                    <a class=\"image-gallery-widget\" href=\"https:\/\/psychologiedelasante.fr\/wp-content\/uploads\/2026\/02\/Therapies-de-pleine-conscience-1.jpg\">\r\n                                                        <i class=\"fa fa-search gallery-button primary-bg\"><\/i>\r\n                                                    <\/a>\r\n\t                                                                                            <\/div>\r\n                                            <div class=\"at-gallery-hover\"><\/div>\r\n\t                                        <a href=\"https:\/\/psychologiedelasante.fr\/index.php\/therapies-de-pleine-conscience\/\" class=\"all-link\">                                            <img decoding=\"async\" src=\"https:\/\/psychologiedelasante.fr\/wp-content\/uploads\/2026\/02\/Therapies-de-pleine-conscience-1-1024x1024.jpg\" alt=\"Th\u00e9rapies de Pleine Conscience\" title=\"Th\u00e9rapies de Pleine Conscience\" \/>\r\n                                            <\/a>                                        <\/div>\r\n                                    <\/div>\r\n                                                                        <div class=\"at-gallery-item  col-sm-4 col-md-4\">\r\n                                        <div class=\"gallery-inner-item init-animate zoomIn\">\r\n                                            <div class=\"at-bottom-lower\">\r\n                                                <h3>\r\n\t                                                <a href=\"https:\/\/psychologiedelasante.fr\/index.php\/therapies-du-trauma\/\" class=\"all-link\">Th\u00e9rapies du trauma<\/a>                                                <\/h3>\r\n                                                                                                    <a class=\"image-gallery-widget\" href=\"https:\/\/psychologiedelasante.fr\/wp-content\/uploads\/2026\/02\/Therapies-du-trauma-1.jpg\">\r\n                                                        <i class=\"fa fa-search gallery-button primary-bg\"><\/i>\r\n                                                    <\/a>\r\n\t                                                                                            <\/div>\r\n                                            <div class=\"at-gallery-hover\"><\/div>\r\n\t                                        <a href=\"https:\/\/psychologiedelasante.fr\/index.php\/therapies-du-trauma\/\" class=\"all-link\">                                            <img decoding=\"async\" src=\"https:\/\/psychologiedelasante.fr\/wp-content\/uploads\/2026\/02\/Therapies-du-trauma-1-1024x1024.jpg\" alt=\"Th\u00e9rapies du trauma\" title=\"Th\u00e9rapies du trauma\" \/>\r\n                                            <\/a>                                        <\/div>\r\n                                    <\/div>\r\n                                                                        <div class=\"at-gallery-item  col-sm-4 col-md-4\">\r\n                                        <div class=\"gallery-inner-item init-animate zoomIn\">\r\n                                            <div class=\"at-bottom-lower\">\r\n                                                <h3>\r\n\t                                                <a href=\"https:\/\/psychologiedelasante.fr\/index.php\/therapie-basee-sur-les-parts-de-soi\/\" class=\"all-link\">Th\u00e9rapies bas\u00e9es sur les parts de soi<\/a>                                                <\/h3>\r\n                                                                                                    <a class=\"image-gallery-widget\" href=\"https:\/\/psychologiedelasante.fr\/wp-content\/uploads\/2026\/02\/Therapies-basees-sur-les-parts-de-soi-1.jpg\">\r\n                                                        <i class=\"fa fa-search gallery-button primary-bg\"><\/i>\r\n                                                    <\/a>\r\n\t                                                                                            <\/div>\r\n                                            <div class=\"at-gallery-hover\"><\/div>\r\n\t                                        <a href=\"https:\/\/psychologiedelasante.fr\/index.php\/therapie-basee-sur-les-parts-de-soi\/\" class=\"all-link\">                                            <img decoding=\"async\" src=\"https:\/\/psychologiedelasante.fr\/wp-content\/uploads\/2026\/02\/Therapies-basees-sur-les-parts-de-soi-1-1024x1024.jpg\" alt=\"Th\u00e9rapies bas\u00e9es sur les parts de soi\" title=\"Th\u00e9rapies bas\u00e9es sur les parts de soi\" \/>\r\n                                            <\/a>                                        <\/div>\r\n                                    <\/div>\r\n                                                            <\/div><!--row-->\r\n\t                                    <\/div>\r\n            <\/section>\r\n            <\/div><div id=\"panel-1405-0-0-2\" class=\"so-panel widget widget_lawyer_zone_contact panel-last-child\" data-index=\"2\" >            <section id=\"lawyer_zone_contact-4\" class=\"at-widgets acme-contact \">\r\n                <div class=\"contact-form\">\r\n                    <div class=\"container\">\r\n                        <div class=\"row\">\r\n                            <div class='at-widget-title-wrapper'><h3 class=\"widget-title\">Formulaire de contact<\/h3><\/div>                            <div class=\"col-md-12 init-animate zoomIn\">\r\n                                \n<div class=\"wpcf7 no-js\" id=\"wpcf7-f97-o1\" lang=\"fr-FR\" dir=\"ltr\" data-wpcf7-id=\"97\">\n<div class=\"screen-reader-response\"><p role=\"status\" aria-live=\"polite\" aria-atomic=\"true\"><\/p> <ul><\/ul><\/div>\n<form action=\"\/index.php\/wp-json\/wp\/v2\/pages\/1405#wpcf7-f97-o1\" method=\"post\" class=\"wpcf7-form init\" aria-label=\"Formulaire de contact\" novalidate=\"novalidate\" data-status=\"init\">\n<fieldset class=\"hidden-fields-container\"><input type=\"hidden\" name=\"_wpcf7\" value=\"97\" \/><input type=\"hidden\" name=\"_wpcf7_version\" value=\"6.1.4\" \/><input type=\"hidden\" name=\"_wpcf7_locale\" value=\"fr_FR\" \/><input type=\"hidden\" name=\"_wpcf7_unit_tag\" value=\"wpcf7-f97-o1\" \/><input type=\"hidden\" name=\"_wpcf7_container_post\" value=\"0\" \/><input type=\"hidden\" name=\"_wpcf7_posted_data_hash\" value=\"\" \/><input type=\"hidden\" name=\"_wpcf7_recaptcha_response\" value=\"\" \/>\n<\/fieldset>\n<p><label> Votre nom (obligatoire)<br \/>\n<span class=\"wpcf7-form-control-wrap\" data-name=\"your-name\"><input size=\"40\" maxlength=\"400\" class=\"wpcf7-form-control wpcf7-text wpcf7-validates-as-required\" aria-required=\"true\" aria-invalid=\"false\" value=\"\" type=\"text\" name=\"your-name\" \/><\/span> <\/label>\n<\/p>\n<p><label> Votre adresse de messagerie (obligatoire)<br \/>\n<span class=\"wpcf7-form-control-wrap\" data-name=\"your-email\"><input size=\"40\" maxlength=\"400\" class=\"wpcf7-form-control wpcf7-email wpcf7-validates-as-required wpcf7-text wpcf7-validates-as-email\" aria-required=\"true\" aria-invalid=\"false\" value=\"\" type=\"email\" name=\"your-email\" \/><\/span> <\/label>\n<\/p>\n<p><label> Objet<br \/>\n<span class=\"wpcf7-form-control-wrap\" data-name=\"your-subject\"><input size=\"40\" maxlength=\"400\" class=\"wpcf7-form-control wpcf7-text\" aria-invalid=\"false\" value=\"\" type=\"text\" name=\"your-subject\" \/><\/span> <\/label>\n<\/p>\n<p><label> Votre message<br \/>\n<span class=\"wpcf7-form-control-wrap\" data-name=\"your-message\"><textarea cols=\"40\" rows=\"10\" maxlength=\"2000\" class=\"wpcf7-form-control wpcf7-textarea\" aria-invalid=\"false\" name=\"your-message\"><\/textarea><\/span> <\/label>\n<\/p>\n<p><span class=\"wpcf7-form-control-wrap\" data-name=\"acceptance-432\"><span class=\"wpcf7-form-control wpcf7-acceptance\"><span class=\"wpcf7-list-item\"><label><input type=\"checkbox\" name=\"acceptance-432\" value=\"1\" aria-invalid=\"false\" \/><span class=\"wpcf7-list-item-label\">En accord avec la RGPD, en soumettant ce formulaire, j'accepte que les informations saisies dans celui-ci soient utilis\u00e9es pour permettre de me recontacter dans le cadre d'une demande d'informations ou l'\u00e9laboration d'un devis. (Obligatoire)<\/span><\/label><\/span><\/span><\/span>\n<\/p>\n<p><input class=\"wpcf7-form-control wpcf7-submit has-spinner\" type=\"submit\" value=\"Envoyer\" \/>\n<\/p><div class=\"wpcf7-response-output\" aria-hidden=\"true\"><\/div>\n<\/form>\n<\/div>\n                            <\/div>\r\n\r\n                        <\/div>\r\n                    <\/div>\r\n                <\/div>\r\n            <\/section>\r\n            <\/div><\/div><\/div><\/div>","protected":false},"excerpt":{"rendered":"<p>Consultation et suivi th\u00e9rapeutique pour retrouver un meilleur \u00e9quilibre de vie.<\/p>\n","protected":false},"author":1,"featured_media":0,"parent":0,"menu_order":0,"comment_status":"closed","ping_status":"closed","template":"","meta":{"footnotes":""},"class_list":["post-1405","page","type-page","status-publish","hentry"],"yoast_head":"<!-- This site is optimized with the Yoast SEO plugin v26.9 - https:\/\/yoast.com\/product\/yoast-seo-wordpress\/ -->\n<title>Psychologie\/Psychoth\u00e9rapie | Amandine BONNET | Psychologue, Psychoth\u00e9rapeute | Montpellier<\/title>\n<meta name=\"description\" content=\"Amandine BONNET, Psychologue de la sant\u00e9, Psychoth\u00e9rapeute, Consultante Pr\u00e9vention Sant\u00e9, Th\u00e9rapies de pleine conscience, Montpellier, France\" \/>\n<meta name=\"robots\" content=\"index, follow, max-snippet:-1, max-image-preview:large, max-video-preview:-1\" \/>\n<link rel=\"canonical\" href=\"https:\/\/psychologiedelasante.fr\/index.php\/psychologie-psychotherapie\/\" \/>\n<meta property=\"og:locale\" content=\"fr_FR\" \/>\n<meta property=\"og:type\" content=\"article\" \/>\n<meta property=\"og:title\" content=\"Psychologie\/Psychoth\u00e9rapie | Amandine BONNET | Psychologue, Psychoth\u00e9rapeute | Montpellier\" \/>\n<meta property=\"og:description\" content=\"Amandine BONNET, Psychologue de la sant\u00e9, Psychoth\u00e9rapeute, Consultante Pr\u00e9vention Sant\u00e9, Th\u00e9rapies de pleine conscience, Montpellier, France\" \/>\n<meta property=\"og:url\" content=\"https:\/\/psychologiedelasante.fr\/index.php\/psychologie-psychotherapie\/\" \/>\n<meta property=\"og:site_name\" content=\"Amandine BONNET | Psychologue, Psychoth\u00e9rapeute | Montpellier\" \/>\n<meta property=\"article:modified_time\" content=\"2026-02-09T21:01:10+00:00\" \/>\n<meta name=\"twitter:card\" content=\"summary_large_image\" \/>\n<meta name=\"twitter:label1\" content=\"Dur\u00e9e de lecture estim\u00e9e\" \/>\n\t<meta name=\"twitter:data1\" content=\"4 minutes\" \/>\n<script type=\"application\/ld+json\" class=\"yoast-schema-graph\">{\"@context\":\"https:\/\/schema.org\",\"@graph\":[{\"@type\":\"WebPage\",\"@id\":\"https:\/\/psychologiedelasante.fr\/index.php\/psychologie-psychotherapie\/\",\"url\":\"https:\/\/psychologiedelasante.fr\/index.php\/psychologie-psychotherapie\/\",\"name\":\"Psychologie\/Psychoth\u00e9rapie | Amandine BONNET | Psychologue, Psychoth\u00e9rapeute | Montpellier\",\"isPartOf\":{\"@id\":\"https:\/\/psychologiedelasante.fr\/#website\"},\"datePublished\":\"2021-03-07T13:28:24+00:00\",\"dateModified\":\"2026-02-09T21:01:10+00:00\",\"description\":\"Amandine BONNET, Psychologue de la sant\u00e9, Psychoth\u00e9rapeute, Consultante Pr\u00e9vention Sant\u00e9, Th\u00e9rapies de pleine conscience, Montpellier, France\",\"breadcrumb\":{\"@id\":\"https:\/\/psychologiedelasante.fr\/index.php\/psychologie-psychotherapie\/#breadcrumb\"},\"inLanguage\":\"fr-FR\",\"potentialAction\":[{\"@type\":\"ReadAction\",\"target\":[\"https:\/\/psychologiedelasante.fr\/index.php\/psychologie-psychotherapie\/\"]}]},{\"@type\":\"BreadcrumbList\",\"@id\":\"https:\/\/psychologiedelasante.fr\/index.php\/psychologie-psychotherapie\/#breadcrumb\",\"itemListElement\":[{\"@type\":\"ListItem\",\"position\":1,\"name\":\"Accueil\",\"item\":\"https:\/\/psychologiedelasante.fr\/\"},{\"@type\":\"ListItem\",\"position\":2,\"name\":\"Psychologie\/Psychoth\u00e9rapie\"}]},{\"@type\":\"WebSite\",\"@id\":\"https:\/\/psychologiedelasante.fr\/#website\",\"url\":\"https:\/\/psychologiedelasante.fr\/\",\"name\":\"Amandine BONNET, Psychologue, Psychoth\u00e9rapeute, Formatrice\",\"description\":\"\",\"potentialAction\":[{\"@type\":\"SearchAction\",\"target\":{\"@type\":\"EntryPoint\",\"urlTemplate\":\"https:\/\/psychologiedelasante.fr\/?s={search_term_string}\"},\"query-input\":{\"@type\":\"PropertyValueSpecification\",\"valueRequired\":true,\"valueName\":\"search_term_string\"}}],\"inLanguage\":\"fr-FR\"}]}<\/script>\n<!-- \/ Yoast SEO plugin. -->","yoast_head_json":{"title":"Psychologie\/Psychoth\u00e9rapie | Amandine BONNET | Psychologue, Psychoth\u00e9rapeute | Montpellier","description":"Amandine BONNET, Psychologue de la sant\u00e9, Psychoth\u00e9rapeute, Consultante Pr\u00e9vention Sant\u00e9, Th\u00e9rapies de pleine conscience, Montpellier, France","robots":{"index":"index","follow":"follow","max-snippet":"max-snippet:-1","max-image-preview":"max-image-preview:large","max-video-preview":"max-video-preview:-1"},"canonical":"https:\/\/psychologiedelasante.fr\/index.php\/psychologie-psychotherapie\/","og_locale":"fr_FR","og_type":"article","og_title":"Psychologie\/Psychoth\u00e9rapie | Amandine BONNET | Psychologue, Psychoth\u00e9rapeute | Montpellier","og_description":"Amandine BONNET, Psychologue de la sant\u00e9, Psychoth\u00e9rapeute, Consultante Pr\u00e9vention Sant\u00e9, Th\u00e9rapies de pleine conscience, Montpellier, France","og_url":"https:\/\/psychologiedelasante.fr\/index.php\/psychologie-psychotherapie\/","og_site_name":"Amandine BONNET | Psychologue, Psychoth\u00e9rapeute | Montpellier","article_modified_time":"2026-02-09T21:01:10+00:00","twitter_card":"summary_large_image","twitter_misc":{"Dur\u00e9e de lecture estim\u00e9e":"4 minutes"},"schema":{"@context":"https:\/\/schema.org","@graph":[{"@type":"WebPage","@id":"https:\/\/psychologiedelasante.fr\/index.php\/psychologie-psychotherapie\/","url":"https:\/\/psychologiedelasante.fr\/index.php\/psychologie-psychotherapie\/","name":"Psychologie\/Psychoth\u00e9rapie | Amandine BONNET | Psychologue, Psychoth\u00e9rapeute | Montpellier","isPartOf":{"@id":"https:\/\/psychologiedelasante.fr\/#website"},"datePublished":"2021-03-07T13:28:24+00:00","dateModified":"2026-02-09T21:01:10+00:00","description":"Amandine BONNET, Psychologue de la sant\u00e9, Psychoth\u00e9rapeute, Consultante Pr\u00e9vention Sant\u00e9, Th\u00e9rapies de pleine conscience, Montpellier, France","breadcrumb":{"@id":"https:\/\/psychologiedelasante.fr\/index.php\/psychologie-psychotherapie\/#breadcrumb"},"inLanguage":"fr-FR","potentialAction":[{"@type":"ReadAction","target":["https:\/\/psychologiedelasante.fr\/index.php\/psychologie-psychotherapie\/"]}]},{"@type":"BreadcrumbList","@id":"https:\/\/psychologiedelasante.fr\/index.php\/psychologie-psychotherapie\/#breadcrumb","itemListElement":[{"@type":"ListItem","position":1,"name":"Accueil","item":"https:\/\/psychologiedelasante.fr\/"},{"@type":"ListItem","position":2,"name":"Psychologie\/Psychoth\u00e9rapie"}]},{"@type":"WebSite","@id":"https:\/\/psychologiedelasante.fr\/#website","url":"https:\/\/psychologiedelasante.fr\/","name":"Amandine BONNET, Psychologue, Psychoth\u00e9rapeute, Formatrice","description":"","potentialAction":[{"@type":"SearchAction","target":{"@type":"EntryPoint","urlTemplate":"https:\/\/psychologiedelasante.fr\/?s={search_term_string}"},"query-input":{"@type":"PropertyValueSpecification","valueRequired":true,"valueName":"search_term_string"}}],"inLanguage":"fr-FR"}]}},"_links":{"self":[{"href":"https:\/\/psychologiedelasante.fr\/index.php\/wp-json\/wp\/v2\/pages\/1405","targetHints":{"allow":["GET"]}}],"collection":[{"href":"https:\/\/psychologiedelasante.fr\/index.php\/wp-json\/wp\/v2\/pages"}],"about":[{"href":"https:\/\/psychologiedelasante.fr\/index.php\/wp-json\/wp\/v2\/types\/page"}],"author":[{"embeddable":true,"href":"https:\/\/psychologiedelasante.fr\/index.php\/wp-json\/wp\/v2\/users\/1"}],"replies":[{"embeddable":true,"href":"https:\/\/psychologiedelasante.fr\/index.php\/wp-json\/wp\/v2\/comments?post=1405"}],"version-history":[{"count":31,"href":"https:\/\/psychologiedelasante.fr\/index.php\/wp-json\/wp\/v2\/pages\/1405\/revisions"}],"predecessor-version":[{"id":1839,"href":"https:\/\/psychologiedelasante.fr\/index.php\/wp-json\/wp\/v2\/pages\/1405\/revisions\/1839"}],"wp:attachment":[{"href":"https:\/\/psychologiedelasante.fr\/index.php\/wp-json\/wp\/v2\/media?parent=1405"}],"curies":[{"name":"wp","href":"https:\/\/api.w.org\/{rel}","templated":true}]}}