{"id":1656,"date":"2026-01-22T17:49:51","date_gmt":"2026-01-22T16:49:51","guid":{"rendered":"https:\/\/psychologiedelasante.fr\/?page_id=1656"},"modified":"2026-01-28T21:16:20","modified_gmt":"2026-01-28T20:16:20","slug":"burn-out","status":"publish","type":"page","link":"https:\/\/psychologiedelasante.fr\/index.php\/burn-out\/","title":{"rendered":"Burn-out"},"content":{"rendered":"<div id=\"pl-1656\"  class=\"panel-layout\" ><div id=\"pg-1656-0\"  class=\"panel-grid panel-no-style\" ><div id=\"pgc-1656-0-0\"  class=\"panel-grid-cell\" ><div id=\"panel-1656-0-0-0\" class=\"so-panel widget widget_sow-editor panel-first-child\" data-index=\"0\" ><div class=\"panel-widget-style panel-widget-style-for-1656-0-0-0\" ><div\n\t\t\t\n\t\t\tclass=\"so-widget-sow-editor so-widget-sow-editor-base\"\n\t\t\t\n\t\t>\n<div class=\"siteorigin-widget-tinymce textwidget\">\n\t<p>Le burn-out ou \u00e9puisement professionnel est un syndrome r\u00e9sultant d'un stress professionnel chronique. Il se caract\u00e9rise par trois dimensions :<br \/>\n1) une sensation de fatigue intense, d\u2019\u00e9puisement, que le repos n\u2019arrive pas \u00e0 compenser ;<br \/>\n2) une vision n\u00e9gative de soi-m\u00eame et des autres, le sentiment d\u2019\u00eatre inefficace et incomp\u00e9tent, d\u2019\u00eatre d\u00e9pass\u00e9 et de \u00ab\u00a0ne plus y arriver\u00a0\u00bb, difficult\u00e9s \u00e0 \u00ab\u00a0supporter\u00a0\u00bb les clients, les coll\u00e8gues, les usagers...<br \/>\n3) une perte de sens et d\u2019accomplissement, d\u00e9sengagement.<\/p>\n<p>Les sympt\u00f4mes, vari\u00e9s et peu sp\u00e9cifiques, sont les suivant\u00a0:<\/p>\n<p>\u2022 \u00e9motionnel (sensation de vide, impuissance, chute de l\u2019estime de soi, irritabilit\u00e9, anxi\u00e9t\u00e9\u2026),<br \/>\n\u2022 cognitif (difficult\u00e9 de concentration, de m\u00e9morisation, difficult\u00e9 \u00e0 faire des choix...)<br \/>\n\u2022 physique (fatigue intense, maux de t\u00eate\/dos\/ventre, tensions musculaires, troubles du sommeil,\u2026),<br \/>\n\u2022 comportemental (repli sur soi, isolement, baisse de l\u2019empathie, addictions\u2026),<\/p>\n<p><strong>Bibliographie\u00a0:<\/strong><\/p>\n<p>Guide du burn-out\u00a0: comment l\u2019\u00e9viter, comment en sortir.<br \/>\nAnne Evrard, 2017. \u00c9diteur Albin Michel<\/p>\n<p>Se reconstruire apr\u00e8s un burn-out\u00a0: les chemins de la r\u00e9silience professionnelle.<br \/>\nSabine Bataille, 2022. \u00c9diteur Dunod<\/p>\n<\/div>\n<\/div><\/div><\/div><div id=\"panel-1656-0-0-1\" class=\"so-panel widget widget_lawyer_zone_contact panel-last-child\" data-index=\"1\" >            <section id=\"contact\" class=\"at-widgets acme-contact \">\r\n                <div class=\"contact-form\">\r\n                    <div class=\"container\">\r\n                        <div class=\"row\">\r\n                            <div class='at-widget-title-wrapper'><h3 class=\"widget-title\">Formulaire de contact<\/h3><\/div>                            <div class=\"col-md-12 init-animate zoomIn\">\r\n                                \n<div class=\"wpcf7 no-js\" id=\"wpcf7-f97-o1\" lang=\"fr-FR\" dir=\"ltr\" data-wpcf7-id=\"97\">\n<div class=\"screen-reader-response\"><p role=\"status\" aria-live=\"polite\" aria-atomic=\"true\"><\/p> <ul><\/ul><\/div>\n<form action=\"\/index.php\/wp-json\/wp\/v2\/pages\/1656#wpcf7-f97-o1\" method=\"post\" class=\"wpcf7-form init\" aria-label=\"Formulaire de contact\" novalidate=\"novalidate\" data-status=\"init\">\n<fieldset class=\"hidden-fields-container\"><input type=\"hidden\" name=\"_wpcf7\" value=\"97\" \/><input type=\"hidden\" name=\"_wpcf7_version\" value=\"6.1.4\" \/><input type=\"hidden\" name=\"_wpcf7_locale\" value=\"fr_FR\" \/><input type=\"hidden\" name=\"_wpcf7_unit_tag\" value=\"wpcf7-f97-o1\" \/><input type=\"hidden\" name=\"_wpcf7_container_post\" value=\"0\" \/><input type=\"hidden\" name=\"_wpcf7_posted_data_hash\" value=\"\" \/><input type=\"hidden\" name=\"_wpcf7_recaptcha_response\" value=\"\" \/>\n<\/fieldset>\n<p><label> Votre nom (obligatoire)<br \/>\n<span class=\"wpcf7-form-control-wrap\" data-name=\"your-name\"><input size=\"40\" maxlength=\"400\" class=\"wpcf7-form-control wpcf7-text wpcf7-validates-as-required\" aria-required=\"true\" aria-invalid=\"false\" value=\"\" type=\"text\" name=\"your-name\" \/><\/span> <\/label>\n<\/p>\n<p><label> Votre adresse de messagerie (obligatoire)<br \/>\n<span class=\"wpcf7-form-control-wrap\" data-name=\"your-email\"><input size=\"40\" maxlength=\"400\" class=\"wpcf7-form-control wpcf7-email wpcf7-validates-as-required wpcf7-text wpcf7-validates-as-email\" aria-required=\"true\" aria-invalid=\"false\" value=\"\" type=\"email\" name=\"your-email\" \/><\/span> <\/label>\n<\/p>\n<p><label> Objet<br \/>\n<span class=\"wpcf7-form-control-wrap\" data-name=\"your-subject\"><input size=\"40\" maxlength=\"400\" class=\"wpcf7-form-control wpcf7-text\" aria-invalid=\"false\" value=\"\" type=\"text\" name=\"your-subject\" \/><\/span> <\/label>\n<\/p>\n<p><label> Votre message<br \/>\n<span class=\"wpcf7-form-control-wrap\" data-name=\"your-message\"><textarea cols=\"40\" rows=\"10\" maxlength=\"2000\" class=\"wpcf7-form-control wpcf7-textarea\" aria-invalid=\"false\" name=\"your-message\"><\/textarea><\/span> <\/label>\n<\/p>\n<p><span class=\"wpcf7-form-control-wrap\" data-name=\"acceptance-432\"><span class=\"wpcf7-form-control wpcf7-acceptance\"><span class=\"wpcf7-list-item\"><label><input type=\"checkbox\" name=\"acceptance-432\" value=\"1\" aria-invalid=\"false\" \/><span class=\"wpcf7-list-item-label\">En accord avec la RGPD, en soumettant ce formulaire, j'accepte que les informations saisies dans celui-ci soient utilis\u00e9es pour permettre de me recontacter dans le cadre d'une demande d'informations ou l'\u00e9laboration d'un devis. (Obligatoire)<\/span><\/label><\/span><\/span><\/span>\n<\/p>\n<p><input class=\"wpcf7-form-control wpcf7-submit has-spinner\" type=\"submit\" value=\"Envoyer\" \/>\n<\/p><div class=\"wpcf7-response-output\" aria-hidden=\"true\"><\/div>\n<\/form>\n<\/div>\n                            <\/div>\r\n\r\n                        <\/div>\r\n                    <\/div>\r\n                <\/div>\r\n            <\/section>\r\n            <\/div><\/div><\/div><\/div>","protected":false},"excerpt":{"rendered":"<p>Le burn-out ou \u00e9puisement professionnel est un syndrome r\u00e9sultant d&rsquo;un stress professionnel chronique. Il se caract\u00e9rise par trois dimensions : 1) une sensation de fatigue intense, d\u2019\u00e9puisement, que le repos n\u2019arrive pas \u00e0 compenser ; 2) une vision n\u00e9gative de soi-m\u00eame et des autres, le sentiment d\u2019\u00eatre inefficace et incomp\u00e9tent, d\u2019\u00eatre d\u00e9pass\u00e9 et de \u00ab\u00a0ne [&hellip;]<\/p>\n","protected":false},"author":1,"featured_media":0,"parent":0,"menu_order":0,"comment_status":"closed","ping_status":"closed","template":"","meta":{"footnotes":""},"class_list":["post-1656","page","type-page","status-publish","hentry"],"yoast_head":"<!-- This site is optimized with the Yoast SEO plugin v26.9 - https:\/\/yoast.com\/product\/yoast-seo-wordpress\/ -->\n<title>Burn-out | Amandine BONNET | Psychologue, Psychoth\u00e9rapeute | Montpellier<\/title>\n<meta name=\"description\" content=\"Amandine BONNET, Psychologue de la sant\u00e9, Psychoth\u00e9rapeute, Consultante Pr\u00e9vention Sant\u00e9, Th\u00e9rapies de pleine conscience, Montpellier, France\" \/>\n<meta name=\"robots\" content=\"index, follow, max-snippet:-1, max-image-preview:large, max-video-preview:-1\" \/>\n<link rel=\"canonical\" href=\"https:\/\/psychologiedelasante.fr\/index.php\/burn-out\/\" \/>\n<meta property=\"og:locale\" content=\"fr_FR\" \/>\n<meta property=\"og:type\" content=\"article\" \/>\n<meta property=\"og:title\" content=\"Burn-out | Amandine BONNET | Psychologue, Psychoth\u00e9rapeute | Montpellier\" \/>\n<meta property=\"og:description\" content=\"Amandine BONNET, Psychologue de la sant\u00e9, Psychoth\u00e9rapeute, Consultante Pr\u00e9vention Sant\u00e9, Th\u00e9rapies de pleine conscience, Montpellier, France\" \/>\n<meta property=\"og:url\" content=\"https:\/\/psychologiedelasante.fr\/index.php\/burn-out\/\" \/>\n<meta property=\"og:site_name\" content=\"Amandine BONNET | Psychologue, Psychoth\u00e9rapeute | Montpellier\" \/>\n<meta property=\"article:modified_time\" content=\"2026-01-28T20:16:20+00:00\" \/>\n<meta name=\"twitter:card\" content=\"summary_large_image\" \/>\n<meta name=\"twitter:label1\" content=\"Dur\u00e9e de lecture estim\u00e9e\" \/>\n\t<meta name=\"twitter:data1\" content=\"2 minutes\" \/>\n<script type=\"application\/ld+json\" class=\"yoast-schema-graph\">{\"@context\":\"https:\/\/schema.org\",\"@graph\":[{\"@type\":\"WebPage\",\"@id\":\"https:\/\/psychologiedelasante.fr\/index.php\/burn-out\/\",\"url\":\"https:\/\/psychologiedelasante.fr\/index.php\/burn-out\/\",\"name\":\"Burn-out | Amandine BONNET | Psychologue, Psychoth\u00e9rapeute | Montpellier\",\"isPartOf\":{\"@id\":\"https:\/\/psychologiedelasante.fr\/#website\"},\"datePublished\":\"2026-01-22T16:49:51+00:00\",\"dateModified\":\"2026-01-28T20:16:20+00:00\",\"description\":\"Amandine BONNET, Psychologue de la sant\u00e9, Psychoth\u00e9rapeute, Consultante Pr\u00e9vention Sant\u00e9, Th\u00e9rapies de pleine conscience, Montpellier, France\",\"breadcrumb\":{\"@id\":\"https:\/\/psychologiedelasante.fr\/index.php\/burn-out\/#breadcrumb\"},\"inLanguage\":\"fr-FR\",\"potentialAction\":[{\"@type\":\"ReadAction\",\"target\":[\"https:\/\/psychologiedelasante.fr\/index.php\/burn-out\/\"]}]},{\"@type\":\"BreadcrumbList\",\"@id\":\"https:\/\/psychologiedelasante.fr\/index.php\/burn-out\/#breadcrumb\",\"itemListElement\":[{\"@type\":\"ListItem\",\"position\":1,\"name\":\"Accueil\",\"item\":\"https:\/\/psychologiedelasante.fr\/\"},{\"@type\":\"ListItem\",\"position\":2,\"name\":\"Burn-out\"}]},{\"@type\":\"WebSite\",\"@id\":\"https:\/\/psychologiedelasante.fr\/#website\",\"url\":\"https:\/\/psychologiedelasante.fr\/\",\"name\":\"Amandine BONNET, Psychologue, Psychoth\u00e9rapeute, Formatrice\",\"description\":\"\",\"potentialAction\":[{\"@type\":\"SearchAction\",\"target\":{\"@type\":\"EntryPoint\",\"urlTemplate\":\"https:\/\/psychologiedelasante.fr\/?s={search_term_string}\"},\"query-input\":{\"@type\":\"PropertyValueSpecification\",\"valueRequired\":true,\"valueName\":\"search_term_string\"}}],\"inLanguage\":\"fr-FR\"}]}<\/script>\n<!-- \/ Yoast SEO plugin. -->","yoast_head_json":{"title":"Burn-out | Amandine BONNET | Psychologue, Psychoth\u00e9rapeute | Montpellier","description":"Amandine BONNET, Psychologue de la sant\u00e9, Psychoth\u00e9rapeute, Consultante Pr\u00e9vention Sant\u00e9, Th\u00e9rapies de pleine conscience, Montpellier, France","robots":{"index":"index","follow":"follow","max-snippet":"max-snippet:-1","max-image-preview":"max-image-preview:large","max-video-preview":"max-video-preview:-1"},"canonical":"https:\/\/psychologiedelasante.fr\/index.php\/burn-out\/","og_locale":"fr_FR","og_type":"article","og_title":"Burn-out | Amandine BONNET | Psychologue, Psychoth\u00e9rapeute | Montpellier","og_description":"Amandine BONNET, Psychologue de la sant\u00e9, Psychoth\u00e9rapeute, Consultante Pr\u00e9vention Sant\u00e9, Th\u00e9rapies de pleine conscience, Montpellier, France","og_url":"https:\/\/psychologiedelasante.fr\/index.php\/burn-out\/","og_site_name":"Amandine BONNET | Psychologue, Psychoth\u00e9rapeute | Montpellier","article_modified_time":"2026-01-28T20:16:20+00:00","twitter_card":"summary_large_image","twitter_misc":{"Dur\u00e9e de lecture estim\u00e9e":"2 minutes"},"schema":{"@context":"https:\/\/schema.org","@graph":[{"@type":"WebPage","@id":"https:\/\/psychologiedelasante.fr\/index.php\/burn-out\/","url":"https:\/\/psychologiedelasante.fr\/index.php\/burn-out\/","name":"Burn-out | Amandine BONNET | Psychologue, Psychoth\u00e9rapeute | Montpellier","isPartOf":{"@id":"https:\/\/psychologiedelasante.fr\/#website"},"datePublished":"2026-01-22T16:49:51+00:00","dateModified":"2026-01-28T20:16:20+00:00","description":"Amandine BONNET, Psychologue de la sant\u00e9, Psychoth\u00e9rapeute, Consultante Pr\u00e9vention Sant\u00e9, Th\u00e9rapies de pleine conscience, Montpellier, France","breadcrumb":{"@id":"https:\/\/psychologiedelasante.fr\/index.php\/burn-out\/#breadcrumb"},"inLanguage":"fr-FR","potentialAction":[{"@type":"ReadAction","target":["https:\/\/psychologiedelasante.fr\/index.php\/burn-out\/"]}]},{"@type":"BreadcrumbList","@id":"https:\/\/psychologiedelasante.fr\/index.php\/burn-out\/#breadcrumb","itemListElement":[{"@type":"ListItem","position":1,"name":"Accueil","item":"https:\/\/psychologiedelasante.fr\/"},{"@type":"ListItem","position":2,"name":"Burn-out"}]},{"@type":"WebSite","@id":"https:\/\/psychologiedelasante.fr\/#website","url":"https:\/\/psychologiedelasante.fr\/","name":"Amandine BONNET, Psychologue, Psychoth\u00e9rapeute, Formatrice","description":"","potentialAction":[{"@type":"SearchAction","target":{"@type":"EntryPoint","urlTemplate":"https:\/\/psychologiedelasante.fr\/?s={search_term_string}"},"query-input":{"@type":"PropertyValueSpecification","valueRequired":true,"valueName":"search_term_string"}}],"inLanguage":"fr-FR"}]}},"_links":{"self":[{"href":"https:\/\/psychologiedelasante.fr\/index.php\/wp-json\/wp\/v2\/pages\/1656","targetHints":{"allow":["GET"]}}],"collection":[{"href":"https:\/\/psychologiedelasante.fr\/index.php\/wp-json\/wp\/v2\/pages"}],"about":[{"href":"https:\/\/psychologiedelasante.fr\/index.php\/wp-json\/wp\/v2\/types\/page"}],"author":[{"embeddable":true,"href":"https:\/\/psychologiedelasante.fr\/index.php\/wp-json\/wp\/v2\/users\/1"}],"replies":[{"embeddable":true,"href":"https:\/\/psychologiedelasante.fr\/index.php\/wp-json\/wp\/v2\/comments?post=1656"}],"version-history":[{"count":4,"href":"https:\/\/psychologiedelasante.fr\/index.php\/wp-json\/wp\/v2\/pages\/1656\/revisions"}],"predecessor-version":[{"id":1713,"href":"https:\/\/psychologiedelasante.fr\/index.php\/wp-json\/wp\/v2\/pages\/1656\/revisions\/1713"}],"wp:attachment":[{"href":"https:\/\/psychologiedelasante.fr\/index.php\/wp-json\/wp\/v2\/media?parent=1656"}],"curies":[{"name":"wp","href":"https:\/\/api.w.org\/{rel}","templated":true}]}}