{"id":428,"date":"2018-08-07T10:35:40","date_gmt":"2018-08-07T08:35:40","guid":{"rendered":"http:\/\/psychologiedelasante.fr\/?page_id=428"},"modified":"2026-01-28T21:21:00","modified_gmt":"2026-01-28T20:21:00","slug":"formations-soin-sante","status":"publish","type":"page","link":"https:\/\/psychologiedelasante.fr\/index.php\/formations-soin-sante\/","title":{"rendered":"Formation"},"content":{"rendered":"<div id=\"pl-428\"  class=\"panel-layout\" ><div id=\"pg-428-0\"  class=\"panel-grid panel-no-style\" ><div id=\"pgc-428-0-0\"  class=\"panel-grid-cell\" ><div id=\"panel-428-0-0-0\" class=\"so-panel widget widget_sow-editor panel-first-child\" data-index=\"0\" ><div\n\t\t\t\n\t\t\tclass=\"so-widget-sow-editor so-widget-sow-editor-base\"\n\t\t\t\n\t\t><h3 class=\"widget-title\">Formations dans le domaine du soin et de la sant\u00e9<\/h3>\n<div class=\"siteorigin-widget-tinymce textwidget\">\n\t<p>Vous trouverez tout au long de ces pages les th\u00e9matiques sur lesquelles nous nous proposons d'intervenir.<\/p>\n<p>Nos formations s'adressent :<\/p>\n<h3>-&gt; aux \u00e9tablissement de sant\u00e9 (h\u00f4pitaux, cliniques, services d'aide \u00e0 la personne...) et aux professionnels de sant\u00e9 lib\u00e9raux (m\u00e9decin, IDE...) :<\/h3>\n<p>Nos formations rentrent dans le cadre de formations professionnelles continues (<em>action de formation entrant dans la cat\u00e9gorie des actions d'acquisition, d'entretien ou de perfectionnement des connaissances pr\u00e9vue par l'article L.6356.3 du code du travail<\/em>). Elles concernent la <strong>psychologie de la sant\u00e9, la relation de soin, la douleur chronique<\/strong>...<\/p>\n<p><em>Vous trouverez les d\u00e9tails sur cette <a href=\"https:\/\/psychologiedelasante.fr\/index.php\/formation_professionnels_sante\/\">cette page<\/a>.<\/em><\/p>\n<h3>-&gt; aux salari\u00e9s d'entreprise :<\/h3>\n<p>Les formations sont alors orient\u00e9es <strong>sant\u00e9-bien-\u00eatre<\/strong> (stress, \u00e9motions, sant\u00e9...).<\/p>\n<p><em>Vous trouverez plus de d\u00e9tails sur <a href=\"https:\/\/psychologiedelasante.fr\/index.php\/sante-au-travail\/\">cette page.<\/a><\/em><\/p>\n<p><strong>D'autres th\u00e8mes sont possibles sur demande : nous sommes \u00e0 votre disposition pour \u00e9laborer une formation qui corresponde parfaitement \u00e0 vos besoins. Pensez \u00e0 nous contacter !<\/strong><\/p>\n<p><strong>Contact :<\/strong><\/p>\n<p>Amandine BONNET<br \/>\n<a href=\"tel:+33651048322\">06.51.04.83.22<\/a><\/p>\n<\/div>\n<\/div><\/div><div id=\"panel-428-0-0-1\" class=\"so-panel widget widget_lawyer_zone_contact panel-last-child\" data-index=\"1\" >            <section id=\"contact\" class=\"at-widgets acme-contact \">\r\n                <div class=\"contact-form\">\r\n                    <div class=\"container\">\r\n                        <div class=\"row\">\r\n                            <div class='at-widget-title-wrapper'><h3 class=\"widget-title\">Formulaire de contact<\/h3><\/div>                            <div class=\"col-md-12 init-animate zoomIn\">\r\n                                \n<div class=\"wpcf7 no-js\" id=\"wpcf7-f97-o1\" lang=\"fr-FR\" dir=\"ltr\" data-wpcf7-id=\"97\">\n<div class=\"screen-reader-response\"><p role=\"status\" aria-live=\"polite\" aria-atomic=\"true\"><\/p> <ul><\/ul><\/div>\n<form action=\"\/index.php\/wp-json\/wp\/v2\/pages\/428#wpcf7-f97-o1\" method=\"post\" class=\"wpcf7-form init\" aria-label=\"Formulaire de contact\" novalidate=\"novalidate\" data-status=\"init\">\n<fieldset class=\"hidden-fields-container\"><input type=\"hidden\" name=\"_wpcf7\" value=\"97\" \/><input type=\"hidden\" name=\"_wpcf7_version\" value=\"6.1.4\" \/><input type=\"hidden\" name=\"_wpcf7_locale\" value=\"fr_FR\" \/><input type=\"hidden\" name=\"_wpcf7_unit_tag\" value=\"wpcf7-f97-o1\" \/><input type=\"hidden\" name=\"_wpcf7_container_post\" value=\"0\" \/><input type=\"hidden\" name=\"_wpcf7_posted_data_hash\" value=\"\" \/><input type=\"hidden\" name=\"_wpcf7_recaptcha_response\" value=\"\" \/>\n<\/fieldset>\n<p><label> Votre nom (obligatoire)<br \/>\n<span class=\"wpcf7-form-control-wrap\" data-name=\"your-name\"><input size=\"40\" maxlength=\"400\" class=\"wpcf7-form-control wpcf7-text wpcf7-validates-as-required\" aria-required=\"true\" aria-invalid=\"false\" value=\"\" type=\"text\" name=\"your-name\" \/><\/span> <\/label>\n<\/p>\n<p><label> Votre adresse de messagerie (obligatoire)<br \/>\n<span class=\"wpcf7-form-control-wrap\" data-name=\"your-email\"><input size=\"40\" maxlength=\"400\" class=\"wpcf7-form-control wpcf7-email wpcf7-validates-as-required wpcf7-text wpcf7-validates-as-email\" aria-required=\"true\" aria-invalid=\"false\" value=\"\" type=\"email\" name=\"your-email\" \/><\/span> <\/label>\n<\/p>\n<p><label> Objet<br \/>\n<span class=\"wpcf7-form-control-wrap\" data-name=\"your-subject\"><input size=\"40\" maxlength=\"400\" class=\"wpcf7-form-control wpcf7-text\" aria-invalid=\"false\" value=\"\" type=\"text\" name=\"your-subject\" \/><\/span> <\/label>\n<\/p>\n<p><label> Votre message<br \/>\n<span class=\"wpcf7-form-control-wrap\" data-name=\"your-message\"><textarea cols=\"40\" rows=\"10\" maxlength=\"2000\" class=\"wpcf7-form-control wpcf7-textarea\" aria-invalid=\"false\" name=\"your-message\"><\/textarea><\/span> <\/label>\n<\/p>\n<p><span class=\"wpcf7-form-control-wrap\" data-name=\"acceptance-432\"><span class=\"wpcf7-form-control wpcf7-acceptance\"><span class=\"wpcf7-list-item\"><label><input type=\"checkbox\" name=\"acceptance-432\" value=\"1\" aria-invalid=\"false\" \/><span class=\"wpcf7-list-item-label\">En accord avec la RGPD, en soumettant ce formulaire, j'accepte que les informations saisies dans celui-ci soient utilis\u00e9es pour permettre de me recontacter dans le cadre d'une demande d'informations ou l'\u00e9laboration d'un devis. (Obligatoire)<\/span><\/label><\/span><\/span><\/span>\n<\/p>\n<p><input class=\"wpcf7-form-control wpcf7-submit has-spinner\" type=\"submit\" value=\"Envoyer\" \/>\n<\/p><div class=\"wpcf7-response-output\" aria-hidden=\"true\"><\/div>\n<\/form>\n<\/div>\n                            <\/div>\r\n\r\n                        <\/div>\r\n                    <\/div>\r\n                <\/div>\r\n            <\/section>\r\n            <\/div><\/div><\/div><\/div>","protected":false},"excerpt":{"rendered":"<p>Modules de formation sp\u00e9cifiques \u00e0 l&rsquo;attention des professionnels de sant\u00e9 et des salari\u00e9s.<\/p>\n","protected":false},"author":1,"featured_media":0,"parent":0,"menu_order":0,"comment_status":"closed","ping_status":"closed","template":"","meta":{"footnotes":""},"class_list":["post-428","page","type-page","status-publish","hentry"],"yoast_head":"<!-- This site is optimized with the Yoast SEO plugin v26.9 - https:\/\/yoast.com\/product\/yoast-seo-wordpress\/ -->\n<title>Formation | Amandine BONNET | Psychologue, Psychoth\u00e9rapeute | Montpellier<\/title>\n<meta name=\"description\" content=\"Organisme de formation pour les professionnels de sant\u00e9 et les entreprises, r\u00e9f\u00e9renc\u00e9 Datadock. Des formations sur mesure qui r\u00e9pondent \u00e0 vos besoins !\" \/>\n<meta name=\"robots\" content=\"index, follow, max-snippet:-1, max-image-preview:large, max-video-preview:-1\" \/>\n<link rel=\"canonical\" href=\"https:\/\/psychologiedelasante.fr\/index.php\/formations-soin-sante\/\" \/>\n<meta property=\"og:locale\" content=\"fr_FR\" \/>\n<meta property=\"og:type\" content=\"article\" \/>\n<meta property=\"og:title\" content=\"Formation | Amandine BONNET | Psychologue, Psychoth\u00e9rapeute | Montpellier\" \/>\n<meta property=\"og:description\" content=\"Organisme de formation pour les professionnels de sant\u00e9 et les entreprises, r\u00e9f\u00e9renc\u00e9 Datadock. Des formations sur mesure qui r\u00e9pondent \u00e0 vos besoins !\" \/>\n<meta property=\"og:url\" content=\"https:\/\/psychologiedelasante.fr\/index.php\/formations-soin-sante\/\" \/>\n<meta property=\"og:site_name\" content=\"Amandine BONNET | Psychologue, Psychoth\u00e9rapeute | Montpellier\" \/>\n<meta property=\"article:modified_time\" content=\"2026-01-28T20:21:00+00:00\" \/>\n<meta name=\"twitter:card\" content=\"summary_large_image\" \/>\n<meta name=\"twitter:label1\" content=\"Dur\u00e9e de lecture estim\u00e9e\" \/>\n\t<meta name=\"twitter:data1\" content=\"2 minutes\" \/>\n<script type=\"application\/ld+json\" class=\"yoast-schema-graph\">{\"@context\":\"https:\/\/schema.org\",\"@graph\":[{\"@type\":\"WebPage\",\"@id\":\"https:\/\/psychologiedelasante.fr\/index.php\/formations-soin-sante\/\",\"url\":\"https:\/\/psychologiedelasante.fr\/index.php\/formations-soin-sante\/\",\"name\":\"Formation | Amandine BONNET | Psychologue, Psychoth\u00e9rapeute | Montpellier\",\"isPartOf\":{\"@id\":\"https:\/\/psychologiedelasante.fr\/#website\"},\"datePublished\":\"2018-08-07T08:35:40+00:00\",\"dateModified\":\"2026-01-28T20:21:00+00:00\",\"description\":\"Organisme de formation pour les professionnels de sant\u00e9 et les entreprises, r\u00e9f\u00e9renc\u00e9 Datadock. Des formations sur mesure qui r\u00e9pondent \u00e0 vos besoins !\",\"breadcrumb\":{\"@id\":\"https:\/\/psychologiedelasante.fr\/index.php\/formations-soin-sante\/#breadcrumb\"},\"inLanguage\":\"fr-FR\",\"potentialAction\":[{\"@type\":\"ReadAction\",\"target\":[\"https:\/\/psychologiedelasante.fr\/index.php\/formations-soin-sante\/\"]}]},{\"@type\":\"BreadcrumbList\",\"@id\":\"https:\/\/psychologiedelasante.fr\/index.php\/formations-soin-sante\/#breadcrumb\",\"itemListElement\":[{\"@type\":\"ListItem\",\"position\":1,\"name\":\"Accueil\",\"item\":\"https:\/\/psychologiedelasante.fr\/\"},{\"@type\":\"ListItem\",\"position\":2,\"name\":\"Formation\"}]},{\"@type\":\"WebSite\",\"@id\":\"https:\/\/psychologiedelasante.fr\/#website\",\"url\":\"https:\/\/psychologiedelasante.fr\/\",\"name\":\"Amandine BONNET, Psychologue, Psychoth\u00e9rapeute, Formatrice\",\"description\":\"\",\"potentialAction\":[{\"@type\":\"SearchAction\",\"target\":{\"@type\":\"EntryPoint\",\"urlTemplate\":\"https:\/\/psychologiedelasante.fr\/?s={search_term_string}\"},\"query-input\":{\"@type\":\"PropertyValueSpecification\",\"valueRequired\":true,\"valueName\":\"search_term_string\"}}],\"inLanguage\":\"fr-FR\"}]}<\/script>\n<!-- \/ Yoast SEO plugin. -->","yoast_head_json":{"title":"Formation | Amandine BONNET | Psychologue, Psychoth\u00e9rapeute | Montpellier","description":"Organisme de formation pour les professionnels de sant\u00e9 et les entreprises, r\u00e9f\u00e9renc\u00e9 Datadock. Des formations sur mesure qui r\u00e9pondent \u00e0 vos besoins !","robots":{"index":"index","follow":"follow","max-snippet":"max-snippet:-1","max-image-preview":"max-image-preview:large","max-video-preview":"max-video-preview:-1"},"canonical":"https:\/\/psychologiedelasante.fr\/index.php\/formations-soin-sante\/","og_locale":"fr_FR","og_type":"article","og_title":"Formation | Amandine BONNET | Psychologue, Psychoth\u00e9rapeute | Montpellier","og_description":"Organisme de formation pour les professionnels de sant\u00e9 et les entreprises, r\u00e9f\u00e9renc\u00e9 Datadock. Des formations sur mesure qui r\u00e9pondent \u00e0 vos besoins !","og_url":"https:\/\/psychologiedelasante.fr\/index.php\/formations-soin-sante\/","og_site_name":"Amandine BONNET | Psychologue, Psychoth\u00e9rapeute | Montpellier","article_modified_time":"2026-01-28T20:21:00+00:00","twitter_card":"summary_large_image","twitter_misc":{"Dur\u00e9e de lecture estim\u00e9e":"2 minutes"},"schema":{"@context":"https:\/\/schema.org","@graph":[{"@type":"WebPage","@id":"https:\/\/psychologiedelasante.fr\/index.php\/formations-soin-sante\/","url":"https:\/\/psychologiedelasante.fr\/index.php\/formations-soin-sante\/","name":"Formation | Amandine BONNET | Psychologue, Psychoth\u00e9rapeute | Montpellier","isPartOf":{"@id":"https:\/\/psychologiedelasante.fr\/#website"},"datePublished":"2018-08-07T08:35:40+00:00","dateModified":"2026-01-28T20:21:00+00:00","description":"Organisme de formation pour les professionnels de sant\u00e9 et les entreprises, r\u00e9f\u00e9renc\u00e9 Datadock. Des formations sur mesure qui r\u00e9pondent \u00e0 vos besoins !","breadcrumb":{"@id":"https:\/\/psychologiedelasante.fr\/index.php\/formations-soin-sante\/#breadcrumb"},"inLanguage":"fr-FR","potentialAction":[{"@type":"ReadAction","target":["https:\/\/psychologiedelasante.fr\/index.php\/formations-soin-sante\/"]}]},{"@type":"BreadcrumbList","@id":"https:\/\/psychologiedelasante.fr\/index.php\/formations-soin-sante\/#breadcrumb","itemListElement":[{"@type":"ListItem","position":1,"name":"Accueil","item":"https:\/\/psychologiedelasante.fr\/"},{"@type":"ListItem","position":2,"name":"Formation"}]},{"@type":"WebSite","@id":"https:\/\/psychologiedelasante.fr\/#website","url":"https:\/\/psychologiedelasante.fr\/","name":"Amandine BONNET, Psychologue, Psychoth\u00e9rapeute, Formatrice","description":"","potentialAction":[{"@type":"SearchAction","target":{"@type":"EntryPoint","urlTemplate":"https:\/\/psychologiedelasante.fr\/?s={search_term_string}"},"query-input":{"@type":"PropertyValueSpecification","valueRequired":true,"valueName":"search_term_string"}}],"inLanguage":"fr-FR"}]}},"_links":{"self":[{"href":"https:\/\/psychologiedelasante.fr\/index.php\/wp-json\/wp\/v2\/pages\/428","targetHints":{"allow":["GET"]}}],"collection":[{"href":"https:\/\/psychologiedelasante.fr\/index.php\/wp-json\/wp\/v2\/pages"}],"about":[{"href":"https:\/\/psychologiedelasante.fr\/index.php\/wp-json\/wp\/v2\/types\/page"}],"author":[{"embeddable":true,"href":"https:\/\/psychologiedelasante.fr\/index.php\/wp-json\/wp\/v2\/users\/1"}],"replies":[{"embeddable":true,"href":"https:\/\/psychologiedelasante.fr\/index.php\/wp-json\/wp\/v2\/comments?post=428"}],"version-history":[{"count":45,"href":"https:\/\/psychologiedelasante.fr\/index.php\/wp-json\/wp\/v2\/pages\/428\/revisions"}],"predecessor-version":[{"id":1718,"href":"https:\/\/psychologiedelasante.fr\/index.php\/wp-json\/wp\/v2\/pages\/428\/revisions\/1718"}],"wp:attachment":[{"href":"https:\/\/psychologiedelasante.fr\/index.php\/wp-json\/wp\/v2\/media?parent=428"}],"curies":[{"name":"wp","href":"https:\/\/api.w.org\/{rel}","templated":true}]}}